{"version":"1.0","provider_name":"AB-Bildung |  Ausbildungswerk f\u00fcr berufliche Bildung GmbH","provider_url":"https:\/\/www.ab-bildung.de\/tr\/","author_name":"az mediendesign","author_url":"https:\/\/www.ab-bildung.de\/tr\/author\/az-mediendesign\/","title":"Jobs \u2013 AB-Bildung | AB Ausbildungswerk f\u00fcr berufliche Bildung GmbH","type":"rich","width":600,"height":338,"html":"<blockquote class=\"wp-embedded-content\" data-secret=\"rWCRqUz2B7\"><a href=\"https:\/\/www.ab-bildung.de\/tr\/meslekler\/\">Meslekler<\/a><\/blockquote><iframe sandbox=\"allow-scripts\" security=\"restricted\" src=\"https:\/\/www.ab-bildung.de\/tr\/meslekler\/embed\/#?secret=rWCRqUz2B7\" width=\"600\" height=\"338\" title=\"&#8220;Meslekler&#8221; &#8212; AB-Bildung |  Ausbildungswerk f\u00fcr berufliche Bildung GmbH\" data-secret=\"rWCRqUz2B7\" frameborder=\"0\" marginwidth=\"0\" marginheight=\"0\" scrolling=\"no\" class=\"wp-embedded-content\"><\/iframe><script>\n\/*! This file is auto-generated *\/\n!function(d,l){\"use strict\";l.querySelector&&d.addEventListener&&\"undefined\"!=typeof URL&&(d.wp=d.wp||{},d.wp.receiveEmbedMessage||(d.wp.receiveEmbedMessage=function(e){var t=e.data;if((t||t.secret||t.message||t.value)&&!\/[^a-zA-Z0-9]\/.test(t.secret)){for(var s,r,n,a=l.querySelectorAll('iframe[data-secret=\"'+t.secret+'\"]'),o=l.querySelectorAll('blockquote[data-secret=\"'+t.secret+'\"]'),c=new RegExp(\"^https?:$\",\"i\"),i=0;i<o.length;i++)o[i].style.display=\"none\";for(i=0;i<a.length;i++)s=a[i],e.source===s.contentWindow&&(s.removeAttribute(\"style\"),\"height\"===t.message?(1e3<(r=parseInt(t.value,10))?r=1e3:~~r<200&&(r=200),s.height=r):\"link\"===t.message&&(r=new URL(s.getAttribute(\"src\")),n=new URL(t.value),c.test(n.protocol))&&n.host===r.host&&l.activeElement===s&&(d.top.location.href=t.value))}},d.addEventListener(\"message\",d.wp.receiveEmbedMessage,!1),l.addEventListener(\"DOMContentLoaded\",function(){for(var e,t,s=l.querySelectorAll(\"iframe.wp-embedded-content\"),r=0;r<s.length;r++)(t=(e=s[r]).getAttribute(\"data-secret\"))||(t=Math.random().toString(36).substring(2,12),e.src+=\"#?secret=\"+t,e.setAttribute(\"data-secret\",t)),e.contentWindow.postMessage({message:\"ready\",secret:t},\"*\")},!1)))}(window,document);\n<\/script>\n","description":"G\u00fcvenlik sekt\u00f6r\u00fcnde \u00e7al\u0131\u015fmak G\u00fcvenlik ve d\u00fczen genellikle \u00f6zel g\u00fcvenlik hizmeti sa\u011flay\u0131c\u0131lar\u0131n\u0131n elindedir. Faaliyetler giderek daha talepkar hale gelmekte ve m\u00fc\u015fteriler kalite beklemektedir. Bu nedenle sekt\u00f6r\u00fcn daha fazla profesyonel e\u011fitimli personele ihtiyac\u0131 vard\u0131r. Sertifikal\u0131 g\u00fcvenlik ve emniyet g\u00f6revlisi yeterlili\u011fi ile hizmette daha fazla sorumluluk ve toplu olarak kararla\u015ft\u0131r\u0131lan daha y\u00fcksek bir maa\u015f ile bir kariyerin temelini [&hellip;]","thumbnail_url":"https:\/\/www.ab-bildung.de\/wp-content\/uploads\/ab-bildung-header-jobs.jpg"}